{"id":575,"date":"2022-08-12T15:16:19","date_gmt":"2022-08-12T15:16:19","guid":{"rendered":"https:\/\/hotel-ronda-lesseps.ms.decms.eu\/chambres\/small-ground-floor-triple-room\/"},"modified":"2025-10-01T10:07:23","modified_gmt":"2025-10-01T10:07:23","slug":"chambre-triple-au-rez-de-chaussee","status":"publish","type":"page","link":"https:\/\/www.hotellesseps.com\/fr\/chambres\/chambre-triple-au-rez-de-chaussee\/","title":{"rendered":"Chambre Triple Au Rez-De-Chauss\u00e9e"},"content":{"rendered":"<p>&nbsp;<\/p>\n<p>H\u00e9bergement familial spacieux \u00e0 Barcelone \u2013 Id\u00e9al pour les familles.<\/p>\n<p>Notre chambre triple au rez-de-chauss\u00e9e offre beaucoup d&rsquo;espace et est parfaitement \u00e9quip\u00e9e pour accueillir un groupe de trois personnes ou une petite famille, ce qui en fait un choix id\u00e9al pour ceux qui visitent le quartier anim\u00e9 de Gr\u00e0cia \u00e0 Barcelone.<\/p>\n<p>Cette chambre dispose de deux matelas visco\u00e9lastiques de 2 m\u00e8tres et d&rsquo;un canap\u00e9-lit suppl\u00e9mentaire pour accueillir confortablement tout le monde. Profitez du luxe revitalisant d&rsquo;une douche d&rsquo;hydromassage, compl\u00e9t\u00e9 par une connexion Wi-Fi haut d\u00e9bit gratuite, une t\u00e9l\u00e9vision \u00e0 \u00e9cran plat de 42 pouces avec acc\u00e8s aux cha\u00eenes premium, un r\u00e9frig\u00e9rateur et un chauffe-eau pour vos besoins en th\u00e9 et en caf\u00e9. La chambre est \u00e9galement \u00e9quip\u00e9e de la climatisation et d\u2019un coffre-fort s\u00e9curis\u00e9 pour votre tranquillit\u00e9 d\u2019esprit.<\/p>\n<p>Choisissez notre chambre triple au rez-de-chauss\u00e9e pour votre s\u00e9jour \u00e0 l&rsquo;H\u00f4tel Ronda Lesseps afin d&rsquo;assurer une visite m\u00e9morable et confortable pour votre groupe ou votre famille, en plein c\u0153ur du quartier le plus charmant de Barcelone.<\/p>\n","protected":false},"excerpt":{"rendered":"<p>&nbsp; H\u00e9bergement familial spacieux \u00e0 Barcelone \u2013 Id\u00e9al pour les familles. Notre chambre triple au rez-de-chauss\u00e9e offre beaucoup d&rsquo;espace et est parfaitement \u00e9quip\u00e9e pour accueillir un groupe de trois personnes ou une petite famille, ce qui en fait un choix id\u00e9al pour ceux qui visitent le quartier anim\u00e9 de Gr\u00e0cia \u00e0 Barcelone. Cette chambre dispose [&hellip;]<\/p>\n","protected":false},"author":4,"featured_media":0,"parent":553,"menu_order":60,"comment_status":"closed","ping_status":"closed","template":"template-single-room.php","meta":{"footnotes":""},"class_list":["post-575","page","type-page","status-publish","hentry"],"yoast_head":"<!-- This site is optimized with the Yoast SEO plugin v26.9 - https:\/\/yoast.com\/product\/yoast-seo-wordpress\/ -->\n<title>Chambre Triple Au Rez-De-Chauss\u00e9e - Hotel Ronda Lesseps -<\/title>\n<meta name=\"description\" content=\"Chambre triple au rez-de-chauss\u00e9e \u00e0 Barcelone, id\u00e9ale pour les familles, avec tout le confort n\u00e9cessaire et situ\u00e9e dans un quartier calme pr\u00e8s du centre-ville.\" \/>\n<meta name=\"robots\" content=\"index, follow, max-snippet:-1, max-image-preview:large, max-video-preview:-1\" \/>\n<link rel=\"canonical\" href=\"https:\/\/www.hotellesseps.com\/fr\/chambres\/chambre-triple-au-rez-de-chaussee\/\" \/>\n<meta property=\"og:locale\" content=\"fr_FR\" \/>\n<meta property=\"og:type\" content=\"article\" \/>\n<meta property=\"og:title\" content=\"Chambre Triple Au Rez-De-Chauss\u00e9e - Hotel Ronda Lesseps -\" \/>\n<meta property=\"og:description\" content=\"Chambre triple au rez-de-chauss\u00e9e \u00e0 Barcelone, id\u00e9ale pour les familles, avec tout le confort n\u00e9cessaire et situ\u00e9e dans un quartier calme pr\u00e8s du centre-ville.\" \/>\n<meta property=\"og:url\" content=\"https:\/\/www.hotellesseps.com\/fr\/chambres\/chambre-triple-au-rez-de-chaussee\/\" \/>\n<meta property=\"og:site_name\" content=\"Hotel Ronda Lesseps\" \/>\n<meta property=\"article:modified_time\" content=\"2025-10-01T10:07:23+00:00\" \/>\n<meta name=\"twitter:card\" content=\"summary_large_image\" \/>\n<meta name=\"twitter:label1\" content=\"Dur\u00e9e de lecture estim\u00e9e\" \/>\n\t<meta name=\"twitter:data1\" content=\"1 minute\" \/>\n<script type=\"application\/ld+json\" class=\"yoast-schema-graph\">{\"@context\":\"https:\/\/schema.org\",\"@graph\":[{\"@type\":\"WebPage\",\"@id\":\"https:\/\/www.hotellesseps.com\/fr\/chambres\/chambre-triple-au-rez-de-chaussee\/\",\"url\":\"https:\/\/www.hotellesseps.com\/fr\/chambres\/chambre-triple-au-rez-de-chaussee\/\",\"name\":\"Chambre Triple Au Rez-De-Chauss\u00e9e - Hotel Ronda Lesseps -\",\"isPartOf\":{\"@id\":\"https:\/\/www.hotellesseps.com\/fr\/#website\"},\"datePublished\":\"2022-08-12T15:16:19+00:00\",\"dateModified\":\"2025-10-01T10:07:23+00:00\",\"description\":\"Chambre triple au rez-de-chauss\u00e9e \u00e0 Barcelone, id\u00e9ale pour les familles, avec tout le confort n\u00e9cessaire et situ\u00e9e dans un quartier calme pr\u00e8s du centre-ville.\",\"breadcrumb\":{\"@id\":\"https:\/\/www.hotellesseps.com\/fr\/chambres\/chambre-triple-au-rez-de-chaussee\/#breadcrumb\"},\"inLanguage\":\"fr-FR\",\"potentialAction\":[{\"@type\":\"ReadAction\",\"target\":[\"https:\/\/www.hotellesseps.com\/fr\/chambres\/chambre-triple-au-rez-de-chaussee\/\"]}]},{\"@type\":\"BreadcrumbList\",\"@id\":\"https:\/\/www.hotellesseps.com\/fr\/chambres\/chambre-triple-au-rez-de-chaussee\/#breadcrumb\",\"itemListElement\":[{\"@type\":\"ListItem\",\"position\":1,\"name\":\"Home\",\"item\":\"https:\/\/www.hotellesseps.com\/fr\/\"},{\"@type\":\"ListItem\",\"position\":2,\"name\":\"Chambres\",\"item\":\"https:\/\/www.hotellesseps.com\/fr\/chambres\/\"},{\"@type\":\"ListItem\",\"position\":3,\"name\":\"Chambre Triple Au Rez-De-Chauss\u00e9e\"}]},{\"@type\":\"WebSite\",\"@id\":\"https:\/\/www.hotellesseps.com\/fr\/#website\",\"url\":\"https:\/\/www.hotellesseps.com\/fr\/\",\"name\":\"Hotel Ronda Lesseps\",\"description\":\"Just another ms.decms.eu site\",\"potentialAction\":[{\"@type\":\"SearchAction\",\"target\":{\"@type\":\"EntryPoint\",\"urlTemplate\":\"https:\/\/www.hotellesseps.com\/fr\/?s={search_term_string}\"},\"query-input\":{\"@type\":\"PropertyValueSpecification\",\"valueRequired\":true,\"valueName\":\"search_term_string\"}}],\"inLanguage\":\"fr-FR\"}]}<\/script>\n<!-- \/ Yoast SEO plugin. -->","yoast_head_json":{"title":"Chambre Triple Au Rez-De-Chauss\u00e9e - Hotel Ronda Lesseps -","description":"Chambre triple au rez-de-chauss\u00e9e \u00e0 Barcelone, id\u00e9ale pour les familles, avec tout le confort n\u00e9cessaire et situ\u00e9e dans un quartier calme pr\u00e8s du centre-ville.","robots":{"index":"index","follow":"follow","max-snippet":"max-snippet:-1","max-image-preview":"max-image-preview:large","max-video-preview":"max-video-preview:-1"},"canonical":"https:\/\/www.hotellesseps.com\/fr\/chambres\/chambre-triple-au-rez-de-chaussee\/","og_locale":"fr_FR","og_type":"article","og_title":"Chambre Triple Au Rez-De-Chauss\u00e9e - Hotel Ronda Lesseps -","og_description":"Chambre triple au rez-de-chauss\u00e9e \u00e0 Barcelone, id\u00e9ale pour les familles, avec tout le confort n\u00e9cessaire et situ\u00e9e dans un quartier calme pr\u00e8s du centre-ville.","og_url":"https:\/\/www.hotellesseps.com\/fr\/chambres\/chambre-triple-au-rez-de-chaussee\/","og_site_name":"Hotel Ronda Lesseps","article_modified_time":"2025-10-01T10:07:23+00:00","twitter_card":"summary_large_image","twitter_misc":{"Dur\u00e9e de lecture estim\u00e9e":"1 minute"},"schema":{"@context":"https:\/\/schema.org","@graph":[{"@type":"WebPage","@id":"https:\/\/www.hotellesseps.com\/fr\/chambres\/chambre-triple-au-rez-de-chaussee\/","url":"https:\/\/www.hotellesseps.com\/fr\/chambres\/chambre-triple-au-rez-de-chaussee\/","name":"Chambre Triple Au Rez-De-Chauss\u00e9e - Hotel Ronda Lesseps -","isPartOf":{"@id":"https:\/\/www.hotellesseps.com\/fr\/#website"},"datePublished":"2022-08-12T15:16:19+00:00","dateModified":"2025-10-01T10:07:23+00:00","description":"Chambre triple au rez-de-chauss\u00e9e \u00e0 Barcelone, id\u00e9ale pour les familles, avec tout le confort n\u00e9cessaire et situ\u00e9e dans un quartier calme pr\u00e8s du centre-ville.","breadcrumb":{"@id":"https:\/\/www.hotellesseps.com\/fr\/chambres\/chambre-triple-au-rez-de-chaussee\/#breadcrumb"},"inLanguage":"fr-FR","potentialAction":[{"@type":"ReadAction","target":["https:\/\/www.hotellesseps.com\/fr\/chambres\/chambre-triple-au-rez-de-chaussee\/"]}]},{"@type":"BreadcrumbList","@id":"https:\/\/www.hotellesseps.com\/fr\/chambres\/chambre-triple-au-rez-de-chaussee\/#breadcrumb","itemListElement":[{"@type":"ListItem","position":1,"name":"Home","item":"https:\/\/www.hotellesseps.com\/fr\/"},{"@type":"ListItem","position":2,"name":"Chambres","item":"https:\/\/www.hotellesseps.com\/fr\/chambres\/"},{"@type":"ListItem","position":3,"name":"Chambre Triple Au Rez-De-Chauss\u00e9e"}]},{"@type":"WebSite","@id":"https:\/\/www.hotellesseps.com\/fr\/#website","url":"https:\/\/www.hotellesseps.com\/fr\/","name":"Hotel Ronda Lesseps","description":"Just another ms.decms.eu site","potentialAction":[{"@type":"SearchAction","target":{"@type":"EntryPoint","urlTemplate":"https:\/\/www.hotellesseps.com\/fr\/?s={search_term_string}"},"query-input":{"@type":"PropertyValueSpecification","valueRequired":true,"valueName":"search_term_string"}}],"inLanguage":"fr-FR"}]}},"acf":[],"_links":{"self":[{"href":"https:\/\/www.hotellesseps.com\/fr\/wp-json\/wp\/v2\/pages\/575","targetHints":{"allow":["GET"]}}],"collection":[{"href":"https:\/\/www.hotellesseps.com\/fr\/wp-json\/wp\/v2\/pages"}],"about":[{"href":"https:\/\/www.hotellesseps.com\/fr\/wp-json\/wp\/v2\/types\/page"}],"author":[{"embeddable":true,"href":"https:\/\/www.hotellesseps.com\/fr\/wp-json\/wp\/v2\/users\/4"}],"replies":[{"embeddable":true,"href":"https:\/\/www.hotellesseps.com\/fr\/wp-json\/wp\/v2\/comments?post=575"}],"version-history":[{"count":0,"href":"https:\/\/www.hotellesseps.com\/fr\/wp-json\/wp\/v2\/pages\/575\/revisions"}],"up":[{"embeddable":true,"href":"https:\/\/www.hotellesseps.com\/fr\/wp-json\/wp\/v2\/pages\/553"}],"wp:attachment":[{"href":"https:\/\/www.hotellesseps.com\/fr\/wp-json\/wp\/v2\/media?parent=575"}],"curies":[{"name":"wp","href":"https:\/\/api.w.org\/{rel}","templated":true}]}}